{"id":7243,"date":"2026-05-05T08:03:26","date_gmt":"2026-05-05T08:03:26","guid":{"rendered":"https:\/\/garderieminimi.com\/?page_id=7243"},"modified":"2026-05-26T21:09:55","modified_gmt":"2026-05-26T21:09:55","slug":"cost-and-refund","status":"publish","type":"page","link":"https:\/\/garderieminimi.com\/en\/tarif-et-remboursement\/","title":{"rendered":"Cost and Refund"},"content":{"rendered":"<div data-elementor-type=\"wp-page\" data-elementor-id=\"7243\" class=\"elementor elementor-7243\">\n\t\t\t\t<div class=\"elementor-element elementor-element-d90f580 e-flex e-con-boxed e-con e-parent\" data-id=\"d90f580\" data-element_type=\"container\" data-e-type=\"container\">\n\t\t\t\t\t<div class=\"e-con-inner\">\n\t\t\t\t<div class=\"elementor-element elementor-element-f21a1b9 elementor-widget elementor-widget-text-editor\" data-id=\"f21a1b9\" data-element_type=\"widget\" data-e-type=\"widget\" data-widget_type=\"text-editor.default\">\n\t\t\t\t\t\t\t\t\t<p style=\"font-weight: 400;\"><strong>The cost for one child is approximately 9,35$* per day. The amount gives the child access to all the following services:\u00a0<\/strong><strong>9,35$*<\/strong><strong> par jour. Ce montant vous donne droit \u00e0 tous ces services:<\/strong><\/p>\t\t\t\t\t\t\t\t<\/div>\n\t\t\t\t\t<\/div>\n\t\t\t\t<\/div>\n\t\t<div class=\"elementor-element elementor-element-da44d43 e-flex e-con-boxed e-con e-parent\" data-id=\"da44d43\" data-element_type=\"container\" data-e-type=\"container\" data-settings=\"{&quot;background_background&quot;:&quot;classic&quot;,&quot;shape_divider_bottom&quot;:&quot;drops&quot;}\">\n\t\t\t\t\t<div class=\"e-con-inner\">\n\t\t\t\t<div class=\"elementor-shape elementor-shape-bottom\" aria-hidden=\"true\" data-negative=\"false\">\n\t\t\t<svg xmlns=\"http:\/\/www.w3.org\/2000\/svg\" height=\"100%\" viewbox=\"0 0 283.5 27.8\" preserveaspectratio=\"xMidYMax slice\">\n\t<path class=\"elementor-shape-fill\" d=\"M0 0v1.4c.6.7 1.1 1.4 1.4 2 2 3.8 2.2 6.6 1.8 10.8-.3 3.3-2.4 9.4 0 12.3 1.7 2 3.7 1.4 4.6-.9 1.4-3.8-.7-8.2-.6-12 .1-3.7 3.2-5.5 6.9-4.9 4 .6 4.8 4 4.9 7.4.1 1.8-1.1 7 0 8.5.6.8 1.6 1.2 2.4.5 1.4-1.1.1-5.4.1-6.9.1-3.7.3-8.6 4.1-10.5 5-2.5 6.2 1.6 5.4 5.6-.4 1.7-1 9.2 2.9 6.3 1.5-1.1.7-3.5.5-4.9-.4-2.4-.4-4.3 1-6.5.9-1.4 2.4-3.1 4.2-3 2.4.1 2.7 2.2 4 3.7 1.5 1.8 1.8 2.2 3 .1 1.1-1.9 1.2-2.8 3.6-3.3 1.3-.3 4.8-1.4 5.9-.5 1.5 1.1.6 2.8.4 4.3-.2 1.1-.6 4 1.8 3.4 1.7-.4-.3-4.1.6-5.6 1.3-2.2 5.8-1.4 7 .5 1.3 2.1.5 5.8.1 8.1s-1.2 5-.6 7.4c1.3 5.1 4.4.9 4.3-2.4-.1-4.4-2-8.8-.5-13 .9-2.4 4.6-6.6 7.7-4.5 2.7 1.8.5 7.8.2 10.3-.2 1.7-.8 4.6.2 6.2.9 1.4 2 1.5 2.6-.3.5-1.5-.9-4.5-1-6.1-.2-1.7-.4-3.7.2-5.4 1.8-5.6 3.5 2.4 6.3.6 1.4-.9 4.3-9.4 6.1-3.1.6 2.2-1.3 7.8.7 8.9 4.2 2.3 1.5-7.1 2.2-8 3.1-4 4.7 3.8 6.1 4.1 3.1.7 2.8-7.9 8.1-4.5 1.7 1.1 2.9 3.3 3.2 5.2.4 2.2-1 4.5-.6 6.6 1 4.3 4.4 1.5 4.4-1.7 0-2.7-3-8.3 1.4-9.1 4.4-.9 7.3 3.5 7.8 6.9.3 2-1.5 10.9 1.3 11.3 4.1.6-3.2-15.7 4.8-15.8 4.7-.1 2.8 4.1 3.9 6.6 1 2.4 2.1 1 2.3-.8.3-1.9-.9-3.2 1.3-4.3 5.9-2.9 5.9 5.4 5.5 8.5-.3 2-1.7 8.4 2 8.1 6.9-.5-2.8-16.9 4.8-18.7 4.7-1.2 6.1 3.6 6.3 7.1.1 1.7-1.2 8.1.6 9.1 3.5 2 1.9-7 2-8.4.2-4 1.2-9.6 6.4-9.8 4.7-.2 3.2 4.6 2.7 7.5-.4 2.2 1.3 8.6 3.8 4.4 1.1-1.9-.3-4.1-.3-6 0-1.7.4-3.2 1.3-4.6 1-1.6 2.9-3.5 5.1-2.9 2.5.6 2.3 4.1 4.1 4.9 1.9.8 1.6-.9 2.3-2.1 1.2-2.1 2.1-2.1 4.4-2.4 1.4-.2 3.6-1.5 4.9-.5 2.3 1.7-.7 4.4.1 6.5.6 1.5 2.1 1.7 2.8.3.7-1.4-1.1-3.4-.3-4.8 1.4-2.5 6.2-1.2 7.2 1 2.3 4.8-3.3 12-.2 16.3 3 4.1 3.9-2.8 3.8-4.8-.4-4.3-2.1-8.9 0-13.1 1.3-2.5 5.9-5.7 7.9-2.4 2 3.2-1.3 9.8-.8 13.4.5 4.4 3.5 3.3 2.7-.8-.4-1.9-2.4-10 .6-11.1 3.7-1.4 2.8 7.2 6.5.4 2.2-4.1 4.9-3.1 5.2 1.2.1 1.5-.6 3.1-.4 4.6.2 1.9 1.8 3.7 3.3 1.3 1-1.6-2.6-10.4 2.9-7.3 2.6 1.5 1.6 6.5 4.8 2.7 1.3-1.5 1.7-3.6 4-3.7 2.2-.1 4 2.3 4.8 4.1 1.3 2.9-1.5 8.4.9 10.3 4.2 3.3 3-5.5 2.7-6.9-.6-3.9 1-7.2 5.5-5 4.1 2.1 4.3 7.7 4.1 11.6 0 .8-.6 9.5 2.5 5.2 1.2-1.7-.1-7.7.1-9.6.3-2.9 1.2-5.5 4.3-6.2 4.5-1 7.7 1.5 7.4 5.8-.2 3.5-1.8 7.7-.5 11.1 1 2.7 3.6 2.8 5 .2 1.6-3.1 0-8.3-.4-11.6-.4-4.2-.2-7 1.8-10.8 0 0-.1.1-.1.2-.2.4-.3.7-.4.8v.1c-.1.2-.1.2 0 0v-.1l.4-.8c0-.1.1-.1.1-.2.2-.4.5-.8.8-1.2V0H0zM282.7 3.4z\"\/>\n<\/svg>\t\t<\/div>\n\t\t\t\t<div class=\"elementor-element elementor-element-b5066a9 elementor-widget elementor-widget-text-editor\" data-id=\"b5066a9\" data-element_type=\"widget\" data-e-type=\"widget\" data-widget_type=\"text-editor.default\">\n\t\t\t\t\t\t\t\t\t<ul><li>Healthy Menu ( 2 meals, 2 well balanced snacks including an appetizer and a desert based on the Canada food guide, prepared fresh daily and served at will).<\/li><li>Bilingual educational and pedagogical activities based on the program established by the minister: \u201cJouer c\u2019est magique \u201c. We have a mini lab for scientific experiments and we have cooking activities. We offer IPad lessons as a reward to the 4-5 year olds.<\/li><li>Physical activities: Dance, zumba, Yoga, aerobics and mini gym.<\/li><li>Safe, modern bright classes.<\/li><li>Big and private playground, where in the winter the children play with the snow, build snowmen, have sliding activities in the snow. In the summer: inflatable bouncers, water activities, outings to the park etc.<\/li><li>Educational outings all year round.<\/li><li>Private parking for a safe entrance under camera surveillance.<\/li><li>We celebrate birthdays in a fun and exceptional manner.<\/li><\/ul><p style=\"font-weight: 400;\">* The cost is based upon the tax credit which allows Quebec families to get an anticipated monthly refund of up to 75% on their daycare fees.A federal tax credit can also be granted annually.<\/p><p style=\"font-weight: 400;\">For any information or registrations, please contact Mrs. Mireille at (450) 969-0088.<\/p>\t\t\t\t\t\t\t\t<\/div>\n\t\t\t\t\t<\/div>\n\t\t\t\t<\/div>\n\t\t\t\t<\/div>","protected":false},"excerpt":{"rendered":"<p>Une place d\u2019un enfant (3 mois \u00e0 5 ans) peut co\u00fbter environ\u00a09,35$* par jour. Ce montant vous donne droit \u00e0 tous ces services: Menu Sant\u00e9 (2 repas, 2 collations \u00e9quilibr\u00e9s, incluant une entr\u00e9e et un dessert bas\u00e9 sur le guide alimentaire Canadien, frais du jour pr\u00e9par\u00e9 sur place et servi \u00e0 volont\u00e9). Activit\u00e9s \u00e9ducatives et [&hellip;]<\/p>\n","protected":false},"author":150964386,"featured_media":0,"parent":0,"menu_order":0,"comment_status":"closed","ping_status":"closed","template":"","meta":{"_wpcom_ai_launchpad_about_page":false,"_wpcom_ai_launchpad_gallery_page":false,"_wpcom_ai_launchpad_contact_page":false,"_wpcom_ai_launchpad_events_page":false,"_wpcom_ai_launchpad_video_page":false,"_wpcom_ai_launchpad_portfolio_piece":false,"footnotes":""},"class_list":["post-7243","page","type-page","status-publish","hentry"],"yoast_head":"<!-- This site is optimized with the Yoast SEO plugin v28.3 - https:\/\/yoast.com\/product\/yoast-seo-wordpress\/ -->\n<title>Tarif et Remboursement - Garderie \u00c9ducative Minimi<\/title>\n<meta name=\"description\" content=\"Cost and Refund\" \/>\n<meta name=\"robots\" content=\"index, follow, max-snippet:-1, max-image-preview:large, max-video-preview:-1\" \/>\n<link rel=\"canonical\" href=\"https:\/\/garderieminimi.com\/en\/cost-and-refund\/\" \/>\n<meta property=\"og:locale\" content=\"en_US\" \/>\n<meta property=\"og:type\" content=\"article\" \/>\n<meta property=\"og:title\" content=\"Tarif et Remboursement - Garderie \u00c9ducative Minimi\" \/>\n<meta property=\"og:description\" content=\"Cost and Refund\" \/>\n<meta property=\"og:url\" content=\"https:\/\/garderieminimi.com\/en\/cost-and-refund\/\" \/>\n<meta property=\"og:site_name\" content=\"Garderie \u00c9ducative Minimi\" \/>\n<meta property=\"article:modified_time\" content=\"2026-05-26T21:09:55+00:00\" \/>\n<meta name=\"twitter:card\" content=\"summary_large_image\" \/>\n<meta name=\"twitter:label1\" content=\"Est. reading time\" \/>\n\t<meta name=\"twitter:data1\" content=\"2 minutes\" \/>\n<script type=\"application\/ld+json\" class=\"yoast-schema-graph\">{\"@context\":\"https:\\\/\\\/schema.org\",\"@graph\":[{\"@type\":\"WebPage\",\"@id\":\"https:\\\/\\\/garderieminimi.com\\\/tarif-et-remboursement\\\/\",\"url\":\"https:\\\/\\\/garderieminimi.com\\\/tarif-et-remboursement\\\/\",\"name\":\"Tarif et Remboursement - Garderie \u00c9ducative Minimi\",\"isPartOf\":{\"@id\":\"https:\\\/\\\/garderieminimi.com\\\/#website\"},\"datePublished\":\"2026-05-05T08:03:26+00:00\",\"dateModified\":\"2026-05-26T21:09:55+00:00\",\"description\":\"Cost and Refund\",\"breadcrumb\":{\"@id\":\"https:\\\/\\\/garderieminimi.com\\\/tarif-et-remboursement\\\/#breadcrumb\"},\"inLanguage\":\"en-CA\",\"potentialAction\":[{\"@type\":\"ReadAction\",\"target\":[\"https:\\\/\\\/garderieminimi.com\\\/tarif-et-remboursement\\\/\"]}]},{\"@type\":\"BreadcrumbList\",\"@id\":\"https:\\\/\\\/garderieminimi.com\\\/tarif-et-remboursement\\\/#breadcrumb\",\"itemListElement\":[{\"@type\":\"ListItem\",\"position\":1,\"name\":\"Home\",\"item\":\"https:\\\/\\\/garderieminimi.com\\\/\"},{\"@type\":\"ListItem\",\"position\":2,\"name\":\"Tarif et Remboursement\"}]},{\"@type\":\"WebSite\",\"@id\":\"https:\\\/\\\/garderieminimi.com\\\/#website\",\"url\":\"https:\\\/\\\/garderieminimi.com\\\/\",\"name\":\"Garderie \u00c9ducative Minimi\",\"description\":\"\",\"publisher\":{\"@id\":\"https:\\\/\\\/garderieminimi.com\\\/#organization\"},\"potentialAction\":[{\"@type\":\"SearchAction\",\"target\":{\"@type\":\"EntryPoint\",\"urlTemplate\":\"https:\\\/\\\/garderieminimi.com\\\/?s={search_term_string}\"},\"query-input\":{\"@type\":\"PropertyValueSpecification\",\"valueRequired\":true,\"valueName\":\"search_term_string\"}}],\"inLanguage\":\"en-CA\"},{\"@type\":\"Organization\",\"@id\":\"https:\\\/\\\/garderieminimi.com\\\/#organization\",\"name\":\"Garderie \u00c9ducative Minimi\",\"url\":\"https:\\\/\\\/garderieminimi.com\\\/\",\"logo\":{\"@type\":\"ImageObject\",\"inLanguage\":\"en-CA\",\"@id\":\"https:\\\/\\\/garderieminimi.com\\\/#\\\/schema\\\/logo\\\/image\\\/\",\"url\":\"https:\\\/\\\/i0.wp.com\\\/garderieminimi.com\\\/wp-content\\\/uploads\\\/2026\\\/05\\\/Website-GEM-Logo-Final-e1779813092159.jpg?fit=2188%2C394&ssl=1\",\"contentUrl\":\"https:\\\/\\\/i0.wp.com\\\/garderieminimi.com\\\/wp-content\\\/uploads\\\/2026\\\/05\\\/Website-GEM-Logo-Final-e1779813092159.jpg?fit=2188%2C394&ssl=1\",\"width\":2188,\"height\":394,\"caption\":\"Garderie \u00c9ducative Minimi\"},\"image\":{\"@id\":\"https:\\\/\\\/garderieminimi.com\\\/#\\\/schema\\\/logo\\\/image\\\/\"}}]}<\/script>\n<!-- \/ Yoast SEO plugin. -->","yoast_head_json":{"title":"Tarif et Remboursement - Garderie \u00c9ducative Minimi","description":"Cost and Refund","robots":{"index":"index","follow":"follow","max-snippet":"max-snippet:-1","max-image-preview":"max-image-preview:large","max-video-preview":"max-video-preview:-1"},"canonical":"https:\/\/garderieminimi.com\/en\/cost-and-refund\/","og_locale":"en_US","og_type":"article","og_title":"Tarif et Remboursement - Garderie \u00c9ducative Minimi","og_description":"Cost and Refund","og_url":"https:\/\/garderieminimi.com\/en\/cost-and-refund\/","og_site_name":"Garderie \u00c9ducative Minimi","article_modified_time":"2026-05-26T21:09:55+00:00","twitter_card":"summary_large_image","twitter_misc":{"Est. reading time":"2 minutes"},"schema":{"@context":"https:\/\/schema.org","@graph":[{"@type":"WebPage","@id":"https:\/\/garderieminimi.com\/tarif-et-remboursement\/","url":"https:\/\/garderieminimi.com\/tarif-et-remboursement\/","name":"Tarif et Remboursement - Garderie \u00c9ducative Minimi","isPartOf":{"@id":"https:\/\/garderieminimi.com\/#website"},"datePublished":"2026-05-05T08:03:26+00:00","dateModified":"2026-05-26T21:09:55+00:00","description":"Cost and Refund","breadcrumb":{"@id":"https:\/\/garderieminimi.com\/tarif-et-remboursement\/#breadcrumb"},"inLanguage":"en-CA","potentialAction":[{"@type":"ReadAction","target":["https:\/\/garderieminimi.com\/tarif-et-remboursement\/"]}]},{"@type":"BreadcrumbList","@id":"https:\/\/garderieminimi.com\/tarif-et-remboursement\/#breadcrumb","itemListElement":[{"@type":"ListItem","position":1,"name":"Home","item":"https:\/\/garderieminimi.com\/"},{"@type":"ListItem","position":2,"name":"Tarif et Remboursement"}]},{"@type":"WebSite","@id":"https:\/\/garderieminimi.com\/#website","url":"https:\/\/garderieminimi.com\/","name":"Garderie \u00c9ducative Minimi","description":"","publisher":{"@id":"https:\/\/garderieminimi.com\/#organization"},"potentialAction":[{"@type":"SearchAction","target":{"@type":"EntryPoint","urlTemplate":"https:\/\/garderieminimi.com\/?s={search_term_string}"},"query-input":{"@type":"PropertyValueSpecification","valueRequired":true,"valueName":"search_term_string"}}],"inLanguage":"en-CA"},{"@type":"Organization","@id":"https:\/\/garderieminimi.com\/#organization","name":"Garderie \u00c9ducative Minimi","url":"https:\/\/garderieminimi.com\/","logo":{"@type":"ImageObject","inLanguage":"en-CA","@id":"https:\/\/garderieminimi.com\/#\/schema\/logo\/image\/","url":"https:\/\/i0.wp.com\/garderieminimi.com\/wp-content\/uploads\/2026\/05\/Website-GEM-Logo-Final-e1779813092159.jpg?fit=2188%2C394&ssl=1","contentUrl":"https:\/\/i0.wp.com\/garderieminimi.com\/wp-content\/uploads\/2026\/05\/Website-GEM-Logo-Final-e1779813092159.jpg?fit=2188%2C394&ssl=1","width":2188,"height":394,"caption":"Garderie \u00c9ducative Minimi"},"image":{"@id":"https:\/\/garderieminimi.com\/#\/schema\/logo\/image\/"}}]}},"jetpack_likes_enabled":false,"jetpack_sharing_enabled":true,"jetpack_shortlink":"https:\/\/wp.me\/PhenPN-1SP","jetpack-related-posts":[{"id":7237,"url":"https:\/\/garderieminimi.com\/en\/nos-services\/","url_meta":{"origin":7243,"position":0},"title":"Our Services","author":"Editorial Team","date":"May 5, 2026","format":false,"excerpt":"La Garderie Minimi est une Garderie \u00e9ducative bilingue priv\u00e9e situ\u00e9 \u00e0 Ste. Doroth\u00e9e, Laval. Notre objectif est de fournir aux enfants de 0 \u00e0 5 ans un environnement s\u00e9curitaire chaleureux et stimulant. Educatrices qualifi\u00e9es et exp\u00e9riment\u00e9es ont pour mission de s\u2019assurer le bien-\u00eatre et le bon d\u00e9veloppement de chaque enfant.-\u2026","rel":"","context":"Similar post","block_context":{"text":"Similar post","link":""},"img":{"alt_text":"","src":"","width":0,"height":0},"classes":[]},{"id":1004,"url":"https:\/\/garderieminimi.com\/en\/a-propos-de-nous\/","url_meta":{"origin":7243,"position":1},"title":"About Us","author":"Editorial Team","date":"October 9, 2020","format":false,"excerpt":"\u00c0 propos de nous Un lieu bienveillant pour de brillants d\u00e9buts \u00c0 propos de nous Garderie \u00c9ducative Minimi offre un milieu s\u00e9curitaire et accueillant o\u00f9 chaque enfant peut grandir \u00e0 son rythme. Les espaces sont am\u00e9nag\u00e9s de mani\u00e8re \u00e0 stimuler la curiosit\u00e9, avec des jeux \u00e9ducatifs, des coins de lecture\u2026","rel":"","context":"Similar post","block_context":{"text":"Similar post","link":""},"img":{"alt_text":"","src":"","width":0,"height":0},"classes":[]},{"id":7105,"url":"https:\/\/garderieminimi.com\/en\/","url_meta":{"origin":7243,"position":2},"title":"Home","author":"Editorial Team","date":"August 3, 2022","format":false,"excerpt":"Un monde de d\u00e9couvertes pour les petits Contactez-Nous Un endroit pour s\u2019\u00e9panouir \u00e0 Sainte-Doroth\u00e9e, Laval D\u00e9couvrir nos services Galerie photosApprendre \u2022 Jouer \u2022 GrandirCliquez ici R\u00e9servez votre visiteD\u00e9couvrez notre garderieR\u00e9servez maintenant Tarif et Remboursementadapt\u00e9s \u00e0 chaque familleLire la suite Chaque enfant compte Cr\u00e9er des exp\u00e9riences enrichissantes dans un environnement chaleureux.\u2026","rel":"","context":"Similar post","block_context":{"text":"Similar post","link":""},"img":{"alt_text":"","src":"https:\/\/i0.wp.com\/garderieminimi.com\/wp-content\/uploads\/2026\/05\/Cartoon-1-Homepage-1-1024x819.png?resize=350%2C200&ssl=1","width":350,"height":200,"srcset":"https:\/\/i0.wp.com\/garderieminimi.com\/wp-content\/uploads\/2026\/05\/Cartoon-1-Homepage-1-1024x819.png?resize=350%2C200&ssl=1 1x, https:\/\/i0.wp.com\/garderieminimi.com\/wp-content\/uploads\/2026\/05\/Cartoon-1-Homepage-1-1024x819.png?resize=525%2C300&ssl=1 1.5x, https:\/\/i0.wp.com\/garderieminimi.com\/wp-content\/uploads\/2026\/05\/Cartoon-1-Homepage-1-1024x819.png?resize=700%2C400&ssl=1 2x"},"classes":[]},{"id":7722,"url":"https:\/\/garderieminimi.com\/en\/erreur-404\/","url_meta":{"origin":7243,"position":3},"title":"Erreur 404","author":"Editorial Team","date":"May 20, 2026","format":false,"excerpt":"Il semble que la page que vous cherchez n'existe pas.Si vous avez besoin d'une assistance directe, n'h\u00e9sitez pas \u00e0 nous appeler au (450) 969-0088 ou \u00e0 nous envoyer un courriel \u00e0 info@garderieminimi.com","rel":"","context":"Similar post","block_context":{"text":"Similar post","link":""},"img":{"alt_text":"","src":"","width":0,"height":0},"classes":[]}],"_links":{"self":[{"href":"https:\/\/garderieminimi.com\/en\/wp-json\/wp\/v2\/pages\/7243","targetHints":{"allow":["GET"]}}],"collection":[{"href":"https:\/\/garderieminimi.com\/en\/wp-json\/wp\/v2\/pages"}],"about":[{"href":"https:\/\/garderieminimi.com\/en\/wp-json\/wp\/v2\/types\/page"}],"author":[{"embeddable":true,"href":"https:\/\/garderieminimi.com\/en\/wp-json\/wp\/v2\/users\/150964386"}],"replies":[{"embeddable":true,"href":"https:\/\/garderieminimi.com\/en\/wp-json\/wp\/v2\/comments?post=7243"}],"version-history":[{"count":96,"href":"https:\/\/garderieminimi.com\/en\/wp-json\/wp\/v2\/pages\/7243\/revisions"}],"predecessor-version":[{"id":7982,"href":"https:\/\/garderieminimi.com\/en\/wp-json\/wp\/v2\/pages\/7243\/revisions\/7982"}],"wp:attachment":[{"href":"https:\/\/garderieminimi.com\/en\/wp-json\/wp\/v2\/media?parent=7243"}],"curies":[{"name":"wp","href":"https:\/\/api.w.org\/{rel}","templated":true}]}}